{"id":18,"date":"2007-01-16T10:24:32","date_gmt":"2007-01-16T10:24:32","guid":{"rendered":"http:\/\/rettungsdienst-wesseling.de\/?p=18"},"modified":"2026-01-03T13:40:53","modified_gmt":"2026-01-03T13:40:53","slug":"wehrfuehrung-der-feuerwehr-wesseling","status":"publish","type":"page","link":"https:\/\/feuerwehr-wesseling.de\/?page_id=18","title":{"rendered":"Wehrf\u00fchrung der Feuerwehr Wesseling"},"content":{"rendered":"<p><span style=\"text-decoration: underline;\"><strong>Die F\u00fchrungstruktur der Freiwilligen Feuerwehr Wesseling<br \/>\n<\/strong><\/span><\/p>\n<p>Eine funktionierende F\u00fchrungsstruktur ist die entscheidende Grundlage zur Abwicklung eines Einsatzes. Technischer Fortschritt und gute Ausbildung allein f\u00fchren zu keinem Erfolg, wenn dies nicht koordiniert und gezielt in einem Einsatz zusammengef\u00fchrt wird.<\/p>\n<p>An gr\u00f6\u00dferen Einsatzstellen treffen aber h\u00e4ufig mehrere F\u00fchrungskr\u00e4fte zusammen, welche in ihrer Zust\u00e4ndigkeit und Funktion nicht eindeutig zuzuordnen oder zu erkennen sind. Innerhalb einer Gruppe wird die F\u00fchrungsstruktur eindeutig sein und sich auch w\u00e4hrend eines Einsatzes nicht ver\u00e4ndern. Auf der Ebene eines Zuges ist es aber schon eher denkbar, dass durch Zusammenstellen eines Zuges aus verschiedenen Teileinheiten die Zugf\u00fchrerebene nicht sofort ersichtlich ist. In h\u00f6heren F\u00fchrungsebenen ergibt sich grundlegend das Problem: &#8222;Welcher von zwei oder mehreren sich vor Ort befindlichen Zugf\u00fchrern ist der Einsatzleiter?&#8220;<\/p>\n<table style=\"border-width: 0px; width: 100%;\" border=\"0\" align=\"center\">\n<tbody>\n<tr style=\"background-color: #eaeaea;\">\n<td><\/td>\n<td><\/td>\n<\/tr>\n<tr>\n<td valign=\"top\"><strong>Leiter der Feuerwehr<\/strong><\/td>\n<td style=\"text-align: center;\" align=\"right\">zur Zeit nicht besetzt<\/td>\n<\/tr>\n<tr>\n<td style=\"text-align: left;\"><strong>\u00a0<\/strong><\/td>\n<td><\/td>\n<\/tr>\n<tr>\n<td><strong>Stellv. Leiter der Feuerwehr<\/strong><\/td>\n<td style=\"text-align: center;\">Stadtbrandinspektor Nicholas Gafron<\/td>\n<\/tr>\n<tr>\n<td><\/td>\n<td style=\"text-align: center;\"><\/td>\n<\/tr>\n<tr>\n<td><strong>Stellv. Leiter der Feuerwehr<\/strong><\/td>\n<td style=\"text-align: center;\">Stadtbrandinspektor Oliver Koch<\/td>\n<\/tr>\n<tr>\n<td><\/td>\n<td><\/td>\n<\/tr>\n<tr dir=\"\" lang=\"\" align=\"\" valign=\"\" bgcolor=\"\">\n<td><strong>Amtsleiter 37<\/strong><\/td>\n<td style=\"text-align: center;\">Oberbrandrat Christoph Pelz<\/td>\n<\/tr>\n<tr dir=\"\" lang=\"\" align=\"\" valign=\"\" bgcolor=\"\">\n<td><\/td>\n<td style=\"text-align: center;\"><\/td>\n<\/tr>\n<tr style=\"background-color: #eaeaea;\">\n<td><\/td>\n<td><\/td>\n<\/tr>\n<tr>\n<td align=\"left\" valign=\"top\">\n<div align=\"left\"><strong>L\u00f6schzugf\u00fchrer Berzdorf<br \/>\n<\/strong>Stellv. Leiter der Feuerwehr <strong><br \/>\n<\/strong>Stadtbrandinspektor<br \/>\nNicholas Gafron<\/div>\n<\/td>\n<td>\n<div style=\"text-align: center;\"><\/div>\n<p align=\"center\">\n<\/td>\n<\/tr>\n<tr>\n<td><\/td>\n<td><\/td>\n<\/tr>\n<tr>\n<td valign=\"top\"><strong><strong>Stellv. L\u00f6schzugf\u00fchrer Berzdorf<\/strong><\/strong><\/p>\n<p>Brandoberinspektor<br \/>\nUlrich Merfert<\/td>\n<td><\/td>\n<\/tr>\n<tr style=\"background-color: #eaeaea;\">\n<td><\/td>\n<td><\/td>\n<\/tr>\n<tr align=\"left\" valign=\"top\">\n<td>\n<div align=\"left\">\n<p><strong>L\u00f6schzugf\u00fchrer Wesseling<\/strong><\/p>\n<\/div>\n<\/td>\n<td align=\"left\" valign=\"top\"><\/td>\n<\/tr>\n<tr>\n<td><\/td>\n<td><\/td>\n<\/tr>\n<tr valign=\"top\">\n<td>Brandinspektor<br \/>\nPatrick P\u00fctz<br \/>\n<strong>Stellv. L\u00f6schzugf\u00fchrer Wesseling<br \/>\n<\/strong><br \/>\nStellv. L\u00f6schzugf\u00fchrer<br \/>\nBrandinspekor Stephan Breuer<\/td>\n<td><\/td>\n<\/tr>\n<tr style=\"background-color: #eaeaea;\">\n<td><\/td>\n<td><\/td>\n<\/tr>\n<tr>\n<td valign=\"top\"><strong>L\u00f6schzugf\u00fchrer Urfeld<\/strong><\/p>\n<p>Brandinspektor<br \/>\nFrank Engels<\/p>\n<p><strong>Stellv. L\u00f6schzugf\u00fchrer Urfeld<\/strong><\/p>\n<p>N.N.<\/td>\n<td><\/td>\n<\/tr>\n<tr>\n<td><\/td>\n<td><\/td>\n<\/tr>\n<tr>\n<td valign=\"top\"><\/td>\n<td><\/td>\n<\/tr>\n<tr>\n<td><\/td>\n<td><\/td>\n<\/tr>\n<tr>\n<td><\/td>\n<td><\/td>\n<\/tr>\n<\/tbody>\n<\/table>\n<p><!--more--><\/p>\n","protected":false},"excerpt":{"rendered":"<p>Die F\u00fchrungstruktur der Freiwilligen Feuerwehr Wesseling Eine funktionierende F\u00fchrungsstruktur ist die entscheidende Grundlage zur Abwicklung eines Einsatzes. Technischer Fortschritt und gute Ausbildung allein f\u00fchren zu keinem Erfolg, wenn dies nicht &#8230; <a title=\"Wehrf\u00fchrung der Feuerwehr Wesseling\" class=\"read-more\" href=\"https:\/\/feuerwehr-wesseling.de\/?page_id=18\" aria-label=\"Mehr Informationen \u00fcber Wehrf\u00fchrung der Feuerwehr Wesseling\">Weiterlesen<\/a><\/p>\n","protected":false},"author":1,"featured_media":0,"parent":0,"menu_order":3,"comment_status":"closed","ping_status":"open","template":"","meta":{"_price":"","_stock":"","_tribe_ticket_header":"","_tribe_default_ticket_provider":"","_ticket_start_date":"","_ticket_end_date":"","_tribe_ticket_show_description":"","_tribe_ticket_show_not_going":false,"_tribe_ticket_use_global_stock":"","_tribe_ticket_global_stock_level":"","_global_stock_mode":"","_global_stock_cap":"","_tribe_rsvp_for_event":"","_tribe_ticket_going_count":"","_tribe_ticket_not_going_count":"","_tribe_tickets_list":"[]","_tribe_ticket_has_attendee_info_fields":false,"footnotes":"","_tec_slr_enabled":"","_tec_slr_layout":""},"categories":[9],"tags":[],"class_list":["post-18","page","type-page","status-publish","category-allgemein"],"ticketed":false,"_links":{"self":[{"href":"https:\/\/feuerwehr-wesseling.de\/index.php?rest_route=\/wp\/v2\/pages\/18","targetHints":{"allow":["GET"]}}],"collection":[{"href":"https:\/\/feuerwehr-wesseling.de\/index.php?rest_route=\/wp\/v2\/pages"}],"about":[{"href":"https:\/\/feuerwehr-wesseling.de\/index.php?rest_route=\/wp\/v2\/types\/page"}],"author":[{"embeddable":true,"href":"https:\/\/feuerwehr-wesseling.de\/index.php?rest_route=\/wp\/v2\/users\/1"}],"replies":[{"embeddable":true,"href":"https:\/\/feuerwehr-wesseling.de\/index.php?rest_route=%2Fwp%2Fv2%2Fcomments&post=18"}],"version-history":[{"count":15,"href":"https:\/\/feuerwehr-wesseling.de\/index.php?rest_route=\/wp\/v2\/pages\/18\/revisions"}],"predecessor-version":[{"id":3666,"href":"https:\/\/feuerwehr-wesseling.de\/index.php?rest_route=\/wp\/v2\/pages\/18\/revisions\/3666"}],"wp:attachment":[{"href":"https:\/\/feuerwehr-wesseling.de\/index.php?rest_route=%2Fwp%2Fv2%2Fmedia&parent=18"}],"wp:term":[{"taxonomy":"category","embeddable":true,"href":"https:\/\/feuerwehr-wesseling.de\/index.php?rest_route=%2Fwp%2Fv2%2Fcategories&post=18"},{"taxonomy":"post_tag","embeddable":true,"href":"https:\/\/feuerwehr-wesseling.de\/index.php?rest_route=%2Fwp%2Fv2%2Ftags&post=18"}],"curies":[{"name":"wp","href":"https:\/\/api.w.org\/{rel}","templated":true}]}}