{"id":447,"date":"2007-01-25T13:17:30","date_gmt":"2007-01-25T13:17:30","guid":{"rendered":"http:\/\/rettungsdienst-wesseling.de\/?p=447"},"modified":"2022-12-15T06:49:51","modified_gmt":"2022-12-15T06:49:51","slug":"der-fachbereich-brandschutz-u-rettungsdienst","status":"publish","type":"page","link":"https:\/\/feuerwehr-wesseling.de\/?page_id=447","title":{"rendered":"Hauptamtlicher Brandschutz u. Rettungsdienst"},"content":{"rendered":"<h6>Brandschutz, Rettungsdienst und Bev\u00f6lkerungsschutz<\/h6>\n<p>In Nordrhein-Westfalen ist vom Gesetzgeber festgelegt, dass gro\u00dfe kreisangeh\u00f6rige St\u00e4dte und mittlere kreisangeh\u00f6rige St\u00e4dte eine Feuerwehr mit hauptamtlichen Kr\u00e4ften betreiben m\u00fcssen. Die Gr\u00f6\u00dfe der Feuerwehr richtet sich nach dem Gefahrenpotenzial der jeweiligen Stadt. Bei der Stadt Wesseling mit 37900 (Stand 2019) Einwohnern verrichten insgesamt 44 Beamte und 9 Angestellte im Rettungsdienst auf der Feuer und Rettungswache am Kronenweg ihren Dienst.<\/p>\n<p>Das Schichtsystem besteht aus 3 Wachabteilungen, die im 24 Stunden-Rhythmus wechseln.<\/p>\n<p>Im Tagesdienst befinden sich der Fachbereichsleiter, vier Beamte im Tagesdienst, sowie zwei Verwaltungsfachangestellte.<\/p>\n<table border=\"0\" align=\"center\">\n<tbody>\n<tr>\n<td align=\"left\" valign=\"top\"><strong>Leiter der Feuerwehr<\/strong><\/p>\n<p>Bereichsleiter:<br \/>\nBrandamtsrat Andr\u00e9 Bach<br \/>\nKronenweg 49<br \/>\n50389 Wesseling<\/p>\n<p>Telefon: 0 22 36 \/ 9 44 0-0<br \/>\nTelefax: 0 22 36 \/ 40 492<\/p>\n<p>Mail: <a href=\"mailto:abach@wesseling.de\">abach@wesseling.de<\/a><\/p>\n<p>Ansprechpartner f\u00fcr grunds\u00e4tzliche und organisatorische<br \/>\nFragen<\/td>\n<td>\u00a0<img loading=\"lazy\" decoding=\"async\" class=\"alignnone wp-image-2283 \" src=\"http:\/\/rettungsdienst-wesseling.de\/wp-content\/uploads\/2021\/01\/Andre-Bach-scaled.jpg\" alt=\"\" width=\"272\" height=\"324\" border=\"0\" \/><\/td>\n<\/tr>\n<tr>\n<td><\/td>\n<td><\/td>\n<\/tr>\n<tr>\n<td valign=\"top\"><strong>Vorbeugender Brandschutz<br \/>\n<\/strong>Brandamtsrat Andreas Braun<br \/>\nKronenweg 49<br \/>\n50389 WesselingTelefon: 0 22 36 \/ 9 44 0-19<br \/>\nMobil: +49 160 \/ 514 0519<br \/>\nTelefax: 0 22 36 \/ 40 492Mail: <a href=\"mailto:abraun@wesseling.de\">abraun@wesseling.de<\/a>Ansprechpartner f\u00fcr:- Stellungnahmen im bauaufsichtlichen Genehmigungsverfahren<br \/>\n&#8211; baulicher-, anlagentechnischer- und organisatorischer Brandschutz<br \/>\n&#8211; Brandschutzunterweisung und Brandschutzerziehung<br \/>\n&#8211; Alarm- und Einsatzplanung<\/td>\n<td><\/td>\n<\/tr>\n<tr>\n<td valign=\"top\"><\/td>\n<td><\/td>\n<\/tr>\n<tr>\n<td valign=\"top\"><strong>Leiter Rettungsdienst<\/strong><\/p>\n<p>Brandamtsrat Marc Simon<br \/>\nKronenweg 49<br \/>\n50389 Wesseling<\/p>\n<p>Telefon: 0 22 36 \/ 9 44 0-11<br \/>\nMobil: +49 171 \/ 979 2350<br \/>\nTelefax: 0 22 36 \/ 40 492<\/p>\n<p>Mail: <a href=\"mailto:msimon@wesseling.de\">msimon@wesseling.de<\/a><\/p>\n<p>Ansprechpartner f\u00fcr<\/p>\n<p>&#8211; Angelegenheiten des Rettungsdienstes<br \/>\n&#8211; Vergaberechtsangelegenheiten des Bereichs 37<\/td>\n<\/tr>\n<tr>\n<td valign=\"top\"><\/td>\n<\/tr>\n<tr>\n<td valign=\"top\"><strong>Leiter Abteilung Technik \/ Aus &#8211; Fortbildung<br \/>\n<\/strong><\/td>\n<\/tr>\n<tr>\n<td valign=\"top\"><\/td>\n<\/tr>\n<tr>\n<td valign=\"top\">Brandamtsrat Thomas Wielp\u00fctz<\/p>\n<p>Kronenweg 49<br \/>\n50389 Wesseling<\/p>\n<p>Telefon: 0 22 36 \/ 9 44 0-10<br \/>\nMobil: +49 163 \/ 7016297<br \/>\nTelefax: 0 22 36 \/ 40 492<\/p>\n<p>Mail: <a href=\"mailto:twielpuetz@wesseling.de\">twielpuetz@wesseling.de<\/a><\/p>\n<p>Ansprechpartner f\u00fcr<\/p>\n<p>&#8211; den Fuhrpark der Feuerwehr Wesseling<br \/>\n&#8211; Geb\u00e4udetechnik der Feuerwehr Wesseling<br \/>\n&#8211; Aus-und Fortbildung im Bereich Brandschutz<\/td>\n<\/tr>\n<\/tbody>\n<\/table>\n","protected":false},"excerpt":{"rendered":"<p>Brandschutz, Rettungsdienst und Bev\u00f6lkerungsschutz In Nordrhein-Westfalen ist vom Gesetzgeber festgelegt, dass gro\u00dfe kreisangeh\u00f6rige St\u00e4dte und mittlere kreisangeh\u00f6rige St\u00e4dte eine Feuerwehr mit hauptamtlichen Kr\u00e4ften betreiben m\u00fcssen. Die Gr\u00f6\u00dfe der Feuerwehr richtet &#8230; <a title=\"Hauptamtlicher Brandschutz u. Rettungsdienst\" class=\"read-more\" href=\"https:\/\/feuerwehr-wesseling.de\/?page_id=447\" aria-label=\"Mehr Informationen \u00fcber Hauptamtlicher Brandschutz u. Rettungsdienst\">Weiterlesen<\/a><\/p>\n","protected":false},"author":1,"featured_media":0,"parent":0,"menu_order":1,"comment_status":"closed","ping_status":"closed","template":"","meta":{"_price":"","_stock":"","_tribe_ticket_header":"","_tribe_default_ticket_provider":"","_ticket_start_date":"","_ticket_end_date":"","_tribe_ticket_show_description":"","_tribe_ticket_show_not_going":false,"_tribe_ticket_use_global_stock":"","_tribe_ticket_global_stock_level":"","_global_stock_mode":"","_global_stock_cap":"","_tribe_rsvp_for_event":"","_tribe_ticket_going_count":"","_tribe_ticket_not_going_count":"","_tribe_tickets_list":"[]","_tribe_ticket_has_attendee_info_fields":false,"footnotes":"","_tec_slr_enabled":"","_tec_slr_layout":""},"categories":[9],"tags":[],"class_list":["post-447","page","type-page","status-publish","category-allgemein"],"ticketed":false,"_links":{"self":[{"href":"https:\/\/feuerwehr-wesseling.de\/index.php?rest_route=\/wp\/v2\/pages\/447","targetHints":{"allow":["GET"]}}],"collection":[{"href":"https:\/\/feuerwehr-wesseling.de\/index.php?rest_route=\/wp\/v2\/pages"}],"about":[{"href":"https:\/\/feuerwehr-wesseling.de\/index.php?rest_route=\/wp\/v2\/types\/page"}],"author":[{"embeddable":true,"href":"https:\/\/feuerwehr-wesseling.de\/index.php?rest_route=\/wp\/v2\/users\/1"}],"replies":[{"embeddable":true,"href":"https:\/\/feuerwehr-wesseling.de\/index.php?rest_route=%2Fwp%2Fv2%2Fcomments&post=447"}],"version-history":[{"count":12,"href":"https:\/\/feuerwehr-wesseling.de\/index.php?rest_route=\/wp\/v2\/pages\/447\/revisions"}],"predecessor-version":[{"id":2857,"href":"https:\/\/feuerwehr-wesseling.de\/index.php?rest_route=\/wp\/v2\/pages\/447\/revisions\/2857"}],"wp:attachment":[{"href":"https:\/\/feuerwehr-wesseling.de\/index.php?rest_route=%2Fwp%2Fv2%2Fmedia&parent=447"}],"wp:term":[{"taxonomy":"category","embeddable":true,"href":"https:\/\/feuerwehr-wesseling.de\/index.php?rest_route=%2Fwp%2Fv2%2Fcategories&post=447"},{"taxonomy":"post_tag","embeddable":true,"href":"https:\/\/feuerwehr-wesseling.de\/index.php?rest_route=%2Fwp%2Fv2%2Ftags&post=447"}],"curies":[{"name":"wp","href":"https:\/\/api.w.org\/{rel}","templated":true}]}}