{"id":465,"date":"2007-01-25T08:46:24","date_gmt":"2007-01-25T08:46:24","guid":{"rendered":"http:\/\/rettungsdienst-wesseling.de\/?p=465"},"modified":"2020-08-25T11:01:40","modified_gmt":"2020-08-25T11:01:40","slug":"loeschzug-wesseling","status":"publish","type":"page","link":"https:\/\/feuerwehr-wesseling.de\/?page_id=465","title":{"rendered":"L\u00f6schzug Wesseling"},"content":{"rendered":"<p><img loading=\"lazy\" decoding=\"async\" class=\" alignleft size-full wp-image-464\" style=\"margin: 5px; width: 113px; height: 140px; float: left;\" title=\"140px-wappen_wesseling.png\" src=\"http:\/\/rettungsdienst-wesseling.de\/wp-content\/uploads\/2007\/01\/140px-wappen_wesseling.png\" alt=\"140px-wappen_wesseling.png\" width=\"113\" height=\"140\" \/>Im Jahre 1877 gab es in Wesseling bereits L\u00f6schger\u00e4te sowie auch eine Feuerspritze. Was fehlte, waren die M\u00e4nner, die damit umgehen konnten. So rief der B\u00fcrgermeister Klein\u00a0von Wesseling am 19.04.1877 die Wesselinger B\u00fcrger\u00a0zur Bildung einer Feuerwehr auf. Insgesamt meldeten sich 62 M\u00e4nner, darunter auch Goldsteinfabrikant Julius Ferrenholz, der erste Wehrf\u00fchrer.<\/p>\n<p>Heute besteht der L\u00f6schzug Wesseling aus \u00fcber 50 m\u00e4nnlichen und \u00fcber 5 weiblichen Mitgliedern.<\/p>\n","protected":false},"excerpt":{"rendered":"<p>Im Jahre 1877 gab es in Wesseling bereits L\u00f6schger\u00e4te sowie auch eine Feuerspritze. Was fehlte, waren die M\u00e4nner, die damit umgehen konnten. So rief der B\u00fcrgermeister Klein\u00a0von Wesseling am 19.04.1877 &#8230; <a title=\"L\u00f6schzug Wesseling\" class=\"read-more\" href=\"https:\/\/feuerwehr-wesseling.de\/?page_id=465\" aria-label=\"Mehr Informationen \u00fcber L\u00f6schzug Wesseling\">Weiterlesen<\/a><\/p>\n","protected":false},"author":1,"featured_media":0,"parent":0,"menu_order":1,"comment_status":"closed","ping_status":"closed","template":"","meta":{"_price":"","_stock":"","_tribe_ticket_header":"","_tribe_default_ticket_provider":"","_ticket_start_date":"","_ticket_end_date":"","_tribe_ticket_show_description":"","_tribe_ticket_show_not_going":false,"_tribe_ticket_use_global_stock":"","_tribe_ticket_global_stock_level":"","_global_stock_mode":"","_global_stock_cap":"","_tribe_rsvp_for_event":"","_tribe_ticket_going_count":"","_tribe_ticket_not_going_count":"","_tribe_tickets_list":"[]","_tribe_ticket_has_attendee_info_fields":false,"footnotes":"","_tec_slr_enabled":"","_tec_slr_layout":""},"categories":[9],"tags":[],"class_list":["post-465","page","type-page","status-publish","category-allgemein"],"ticketed":false,"_links":{"self":[{"href":"https:\/\/feuerwehr-wesseling.de\/index.php?rest_route=\/wp\/v2\/pages\/465","targetHints":{"allow":["GET"]}}],"collection":[{"href":"https:\/\/feuerwehr-wesseling.de\/index.php?rest_route=\/wp\/v2\/pages"}],"about":[{"href":"https:\/\/feuerwehr-wesseling.de\/index.php?rest_route=\/wp\/v2\/types\/page"}],"author":[{"embeddable":true,"href":"https:\/\/feuerwehr-wesseling.de\/index.php?rest_route=\/wp\/v2\/users\/1"}],"replies":[{"embeddable":true,"href":"https:\/\/feuerwehr-wesseling.de\/index.php?rest_route=%2Fwp%2Fv2%2Fcomments&post=465"}],"version-history":[{"count":2,"href":"https:\/\/feuerwehr-wesseling.de\/index.php?rest_route=\/wp\/v2\/pages\/465\/revisions"}],"predecessor-version":[{"id":2225,"href":"https:\/\/feuerwehr-wesseling.de\/index.php?rest_route=\/wp\/v2\/pages\/465\/revisions\/2225"}],"wp:attachment":[{"href":"https:\/\/feuerwehr-wesseling.de\/index.php?rest_route=%2Fwp%2Fv2%2Fmedia&parent=465"}],"wp:term":[{"taxonomy":"category","embeddable":true,"href":"https:\/\/feuerwehr-wesseling.de\/index.php?rest_route=%2Fwp%2Fv2%2Fcategories&post=465"},{"taxonomy":"post_tag","embeddable":true,"href":"https:\/\/feuerwehr-wesseling.de\/index.php?rest_route=%2Fwp%2Fv2%2Ftags&post=465"}],"curies":[{"name":"wp","href":"https:\/\/api.w.org\/{rel}","templated":true}]}}