{"id":468,"date":"2011-06-30T12:22:53","date_gmt":"2011-06-30T12:22:53","guid":{"rendered":"http:\/\/rettungsdienst-wesseling.de\/?p=468"},"modified":"2026-01-03T13:29:21","modified_gmt":"2026-01-03T13:29:21","slug":"impressum","status":"publish","type":"page","link":"https:\/\/feuerwehr-wesseling.de\/?page_id=468","title":{"rendered":"Impressum"},"content":{"rendered":"<table border=\"0\" cellspacing=\"2\" align=\"left\">\n<tbody>\n<tr>\n<td>Stadt Wesseling<\/td>\n<td><\/td>\n<\/tr>\n<tr>\n<td>Feuerwehr Wesseling<\/td>\n<td><\/td>\n<\/tr>\n<tr>\n<td><\/td>\n<td><\/td>\n<\/tr>\n<tr>\n<td><\/td>\n<td><\/td>\n<\/tr>\n<tr>\n<td>Leiter der Feuerwehr:<\/td>\n<td>N.N.<br \/>\nzZ Vertreten durch: Nicholas Gafron \/ Oliver Koch \/ Christoph Pelz<\/td>\n<\/tr>\n<tr>\n<td><\/td>\n<td><\/td>\n<\/tr>\n<tr>\n<td>Stra\u00dfe:<\/td>\n<td>Kronenweg 49<\/td>\n<\/tr>\n<tr>\n<td><\/td>\n<td><\/td>\n<\/tr>\n<tr>\n<td>Ort:<\/td>\n<td>50389 Wesseling<\/td>\n<\/tr>\n<tr>\n<td><\/td>\n<td><\/td>\n<\/tr>\n<tr>\n<td>Telefon:<\/td>\n<td>+49 2236 94400<\/td>\n<\/tr>\n<tr>\n<td>Fax:<\/td>\n<td>+49 2236 40492<\/td>\n<\/tr>\n<tr>\n<td><\/td>\n<td><\/td>\n<\/tr>\n<tr>\n<td>Vertretungsberechtigt:<\/td>\n<td>Nicholas Gafron \/ Oliver Koch \/ Christoph Pelz<\/td>\n<\/tr>\n<tr>\n<td><\/td>\n<td><\/td>\n<\/tr>\n<tr>\n<td>Inhaltlich Verantwortlicher:<\/td>\n<td>Oliver Koch<\/td>\n<\/tr>\n<tr>\n<td><\/td>\n<td><\/td>\n<\/tr>\n<tr>\n<td>Technisch Verantwortlicher:<\/td>\n<td>Oliver Koch<\/td>\n<\/tr>\n<\/tbody>\n<\/table>\n<p>Haftungsausschluss<\/p>\n<p>1. Inhalt des Onlineangebotes<br \/>\nDer Autor \u00fcbernimmt keinerlei Gew\u00e4hr f\u00fcr die Aktualit\u00e4t, Korrektheit, Vollst\u00e4ndigkeit oder Qualit\u00e4t der bereitgestellten Informationen. Haftungsanspr\u00fcche gegen den Autor, welche sich auf Sch\u00e4den materieller oder ideeller Art beziehen, die durch die Nutzung oder Nichtnutzung der dargebotenen Informationen bzw. durch die Nutzung fehlerhafter und unvollst\u00e4ndiger Informationen verursacht wurden, sind grunds\u00e4tzlich ausgeschlossen, sofern seitens des Autors kein nachweislich vors\u00e4tzliches oder grob fahrl\u00e4ssiges Verschulden vorliegt.<br \/>\nAlle Angebote sind freibleibend und unverbindlich. Der Autor beh\u00e4lt es sich ausdr\u00fccklich vor, Teile der Seiten oder das gesamte Angebot ohne gesonderte Ank\u00fcndigung zu ver\u00e4ndern, zu erg\u00e4nzen, zu l\u00f6schen oder die Ver\u00f6ffentlichung zeitweise oder endg\u00fcltig einzustellen.<\/p>\n<p>2. Verweise und Links<br \/>\nBei direkten oder indirekten Verweisen auf fremde Webseiten (Hyperlinks), die au\u00dferhalb des Verantwortungsbereiches des Autors liegen, w\u00fcrde eine Haftungsverpflichtung ausschlie\u00dflich in dem Fall in Kraft treten, in dem der Autor von den Inhalten Kenntnis hat und es ihm technisch m\u00f6glich und zumutbar w\u00e4re, die Nutzung im Falle rechtswidriger Inhalte zu verhindern.<br \/>\nDer Autor erkl\u00e4rt hiermit ausdr\u00fccklich, dass zum Zeitpunkt der Linksetzung keine illegalen Inhalte auf den zu verlinkenden Seiten erkennbar waren. Auf die aktuelle und zuk\u00fcnftige Gestaltung, die Inhalte oder die Urheberschaft der verlinkten\/verkn\u00fcpften Seiten hat der Autor keinerlei Einfluss. Deshalb distanziert er sich hiermit ausdr\u00fccklich von allen Inhalten aller verlinkten \/verkn\u00fcpften Seiten, die nach der Linksetzung ver\u00e4ndert wurden. Diese Feststellung gilt f\u00fcr alle innerhalb des eigenen Internetangebotes gesetzten Links und Verweise sowie f\u00fcr Fremdeintr\u00e4ge in vom Autor eingerichteten G\u00e4steb\u00fcchern, Diskussionsforen, Linkverzeichnissen, Mailinglisten und in allen anderen Formen von Datenbanken, auf deren Inhalt externe Schreibzugriffe m\u00f6glich sind. F\u00fcr illegale, fehlerhafte oder unvollst\u00e4ndige Inhalte und insbesondere f\u00fcr Sch\u00e4den, die aus der Nutzung oder Nichtnutzung solcherart dargebotener Informationen entstehen, haftet allein der Anbieter der Seite, auf welche verwiesen wurde, nicht derjenige, der \u00fcber Links auf die jeweilige Ver\u00f6ffentlichung lediglich verweist.<\/p>\n<p>3. Urheber- und Kennzeichenrecht<br \/>\nDer Autor ist bestrebt, in allen Publikationen die Urheberrechte der verwendeten Grafiken, Tondokumente, Videosequenzen und Texte zu beachten, von ihm selbst erstellte Grafiken, Tondokumente, Videosequenzen und Texte zu nutzen oder auf lizenzfreie Grafiken, Tondokumente, Videosequenzen und Texte zur\u00fcckzugreifen.<br \/>\nAlle innerhalb des Internetangebotes genannten und ggf. durch Dritte gesch\u00fctzten Marken- und Warenzeichen unterliegen uneingeschr\u00e4nkt den Bestimmungen des jeweils g\u00fcltigen Kennzeichenrechts und den Besitzrechten der jeweiligen eingetragenen Eigent\u00fcmer. Allein aufgrund der blo\u00dfen Nennung ist nicht der Schluss zu ziehen, dass Markenzeichen nicht durch Rechte Dritter gesch\u00fctzt sind!<br \/>\nDas Copyright f\u00fcr ver\u00f6ffentlichte, vom Autor selbst erstellte Objekte bleibt allein beim Autor der Seiten. Eine Vervielf\u00e4ltigung oder Verwendung solcher Grafiken, Tondokumente, Videosequenzen und Texte in anderen elektronischen oder gedruckten Publikationen ist ohne ausdr\u00fcckliche Zustimmung des Autors nicht gestattet.<\/p>\n<h2><strong>Datenschutz<\/strong><\/h2>\n<p>Die Betreiber dieser Seiten nehmen den Schutz Ihrer pers\u00f6nlichen Daten sehr ernst. Wir behandeln Ihre personenbezogenen Daten vertraulich und entsprechend der gesetzlichen Datenschutzvorschriften sowie dieser Datenschutzerkl\u00e4rung.<\/p>\n<p>Die Nutzung unserer Webseite ist in der Regel ohne Angabe personenbezogener Daten m\u00f6glich. Soweit auf unseren Seiten personenbezogene Daten (beispielsweise Name, Anschrift oder E-Mail-Adressen) erhoben werden, erfolgt dies, soweit m\u00f6glich, stets auf freiwilliger Basis. Diese Daten werden ohne Ihre ausdr\u00fcckliche Zustimmung nicht an Dritte weitergegeben.<\/p>\n<p>Wir weisen darauf hin, dass die Daten\u00fcbertragung im Internet (z.B. bei der Kommunikation per E-Mail) Sicherheitsl\u00fccken aufweisen kann. Ein l\u00fcckenloser Schutz der Daten vor dem Zugriff durch Dritte ist nicht m\u00f6glich.<\/p>\n<h3>Kontaktformular<\/h3>\n<p>Das Kontaktformular dieser Internetseite versendet Emails an den Betreiber dieser Intenetseite. Dabei werden die von Ihnen eingegebenen Daten \u00fcbermittelt. Gespeichert werden diese in einem der Email-Eingangs-Ordner des Empf\u00e4ngers, damit er sie lesen und Ihnen ggf. antworten kann. Ggf. verschiebt der Empf\u00e4nger Ihre Nachrichten in einen anderen Email-Ordner. Dritte haben keinen Zugang zu diesen Emails bzw. Ordnern. Wenn Sie es w\u00fcnschen, k\u00f6nnen Sie die L\u00f6schung Ihrer Emails beim Betreiber dieser Seite einfordern.<\/p>\n<p>Es besteht kein Unterschied zu altbekanntem, herk\u00f6mmlichem Email-Versand sowie altbekannten, gesetzlichen Regelungen. Seit Mai 2018 erzwingt jedoch die EU auf solcherlei Selbstverst\u00e4ndlichkeiten hinzuweisen, da die entsprechenden Verordnungen selbst von Rechtsanw\u00e4lten unterschiedlich interpretiert werden.<\/p>\n<h3>Cookies<\/h3>\n<p>Dieses Internetportal verwendet WordPress als CMS. WordPress ben\u00f6tigt zwingend Session-Cookies. Dieses Portal verwendet keinerlei Tracking-Cookies oder \u00e4hnliche.<\/p>\n<p>Cookies richten auf Ihrem Rechner keinen Schaden an und enthalten keine Viren. Cookies dienen dazu, unser Angebot nutzerfreundlicher, effektiver und sicherer zu machen. Cookies sind kleine Textdateien, die auf Ihrem Rechner abgelegt werden und die Ihr Browser speichert.<\/p>\n<p>Die von uns verwendeten Cookies sind so genannte \u201eSession-Cookies\u201c. Sie werden nach Ende Ihres Besuchs automatisch gel\u00f6scht oder bleiben auf Ihrem Endger\u00e4t gespeichert, bis Sie diese selbst l\u00f6schen. Diese Cookies erm\u00f6glichen es dem verwendeten CMS WordPress, Ihren Browser beim n\u00e4chsten Besuch wiederzuerkennen.<\/p>\n<p>Sie k\u00f6nnen Ihren Browser so einstellen, dass Sie \u00fcber das Setzen von Cookies informiert werden und Cookies nur im Einzelfall erlauben, die Annahme von Cookies f\u00fcr bestimmte F\u00e4lle oder generell ausschlie\u00dfen sowie das automatische L\u00f6schen der Cookies beim Schlie\u00dfen des Browser aktivieren. Bei der Deaktivierung von Cookies kann die Funktionalit\u00e4t dieser Website eingeschr\u00e4nkt sein.<\/p>\n<h3>Server-Log-Files<\/h3>\n<p>Der Provider der Seiten erhebt und speichert automatisch Informationen in so genannten Server-Log Files, die Ihr Browser automatisch an uns \u00fcbermittelt. Dies sind:<\/p>\n<ul>\n<li>Browsertyp\/ Browserversion<\/li>\n<li>verwendetes Betriebssystem<\/li>\n<li>Referrer URL<\/li>\n<li>Hostname des zugreifenden Rechners<\/li>\n<li>Uhrzeit der Serveranfrage<\/li>\n<\/ul>\n<p>Diese Daten sind nicht bestimmten Personen zuordenbar. Eine Zusammenf\u00fchrung dieser Daten mit anderen Datenquellen wird nicht vorgenommen. Wir behalten uns vor, diese Daten nachtr\u00e4glich zu pr\u00fcfen, wenn uns konkrete Anhaltspunkte f\u00fcr eine rechtswidrige Nutzung bekannt werden.<\/p>\n<h3>Widerspruch Werbe-Mails<\/h3>\n<p>Der Nutzung von im Rahmen der Impressumspflicht ver\u00f6ffentlichten Kontaktdaten zur \u00dcbersendung von nicht ausdr\u00fccklich angeforderter Werbung und Informationsmaterialien wird hiermit widersprochen. Die Betreiber der Seiten behalten sich ausdr\u00fccklich rechtliche Schritte im Falle der unverlangten Zusendung von Werbeinformationen, etwa durch Spam-E-Mails, vor.<\/p>\n<h3>Social Media Buttons (Facebook, Google+ und weitere)<\/h3>\n<p>Auf dieser Seite finden Sie Buttons, um Inhalte in sozialen Netzwerken zu teilen. Diese sind mit einer Datenschutzfunktionalit\u00e4t ausgestattet. Der direkte Kontakt zwischen Social Network und Besucher (Sie) wird erst dann hergestellt, wenn letzterer aktiv auf den betreffenden Share-Button klickt.<\/p>\n<div class=\"fsl-buttons\">\n<h4><\/h4>\n<\/div>\n","protected":false},"excerpt":{"rendered":"<p>Stadt Wesseling Feuerwehr Wesseling Leiter der Feuerwehr: N.N. zZ Vertreten durch: Nicholas Gafron \/ Oliver Koch \/ Christoph Pelz Stra\u00dfe: Kronenweg 49 Ort: 50389 Wesseling Telefon: +49 2236 94400 Fax: &#8230; <a title=\"Impressum\" class=\"read-more\" href=\"https:\/\/feuerwehr-wesseling.de\/?page_id=468\" aria-label=\"Mehr Informationen \u00fcber Impressum\">Weiterlesen<\/a><\/p>\n","protected":false},"author":1,"featured_media":0,"parent":0,"menu_order":4,"comment_status":"closed","ping_status":"open","template":"","meta":{"_price":"","_stock":"","_tribe_ticket_header":"","_tribe_default_ticket_provider":"","_ticket_start_date":"","_ticket_end_date":"","_tribe_ticket_show_description":"","_tribe_ticket_show_not_going":false,"_tribe_ticket_use_global_stock":"","_tribe_ticket_global_stock_level":"","_global_stock_mode":"","_global_stock_cap":"","_tribe_rsvp_for_event":"","_tribe_ticket_going_count":"","_tribe_ticket_not_going_count":"","_tribe_tickets_list":"[]","_tribe_ticket_has_attendee_info_fields":false,"footnotes":"","_tec_slr_enabled":"","_tec_slr_layout":""},"categories":[2],"tags":[],"class_list":["post-468","page","type-page","status-publish","category-uncategorised"],"ticketed":false,"_links":{"self":[{"href":"https:\/\/feuerwehr-wesseling.de\/index.php?rest_route=\/wp\/v2\/pages\/468","targetHints":{"allow":["GET"]}}],"collection":[{"href":"https:\/\/feuerwehr-wesseling.de\/index.php?rest_route=\/wp\/v2\/pages"}],"about":[{"href":"https:\/\/feuerwehr-wesseling.de\/index.php?rest_route=\/wp\/v2\/types\/page"}],"author":[{"embeddable":true,"href":"https:\/\/feuerwehr-wesseling.de\/index.php?rest_route=\/wp\/v2\/users\/1"}],"replies":[{"embeddable":true,"href":"https:\/\/feuerwehr-wesseling.de\/index.php?rest_route=%2Fwp%2Fv2%2Fcomments&post=468"}],"version-history":[{"count":4,"href":"https:\/\/feuerwehr-wesseling.de\/index.php?rest_route=\/wp\/v2\/pages\/468\/revisions"}],"predecessor-version":[{"id":3664,"href":"https:\/\/feuerwehr-wesseling.de\/index.php?rest_route=\/wp\/v2\/pages\/468\/revisions\/3664"}],"wp:attachment":[{"href":"https:\/\/feuerwehr-wesseling.de\/index.php?rest_route=%2Fwp%2Fv2%2Fmedia&parent=468"}],"wp:term":[{"taxonomy":"category","embeddable":true,"href":"https:\/\/feuerwehr-wesseling.de\/index.php?rest_route=%2Fwp%2Fv2%2Fcategories&post=468"},{"taxonomy":"post_tag","embeddable":true,"href":"https:\/\/feuerwehr-wesseling.de\/index.php?rest_route=%2Fwp%2Fv2%2Ftags&post=468"}],"curies":[{"name":"wp","href":"https:\/\/api.w.org\/{rel}","templated":true}]}}