{"id":52,"date":"2007-01-25T08:47:16","date_gmt":"2007-01-25T08:47:16","guid":{"rendered":"http:\/\/rettungsdienst-wesseling.de\/?p=52"},"modified":"2020-08-25T10:57:54","modified_gmt":"2020-08-25T10:57:54","slug":"loeschzug-berzdorf","status":"publish","type":"page","link":"https:\/\/feuerwehr-wesseling.de\/?page_id=52","title":{"rendered":"L\u00f6schzug Berzdorf"},"content":{"rendered":"<p>Der L\u00f6schzug Berzdorf wurde im Jahre 1901 gegr\u00fcndet und geh\u00f6rte zu dieser Zeit zum Gemeindeamt Br\u00fchl. Der Ortsteil Berzdorf wurde dann 1961 nach Wesseling eingemeindet. Insgesamt verf\u00fcgt der L\u00f6schzug Berzdorf \u00fcber 35 aktive Mitglieder.<\/p>\n<p>Der \u00dcbungsdienst findet\u00a0w\u00f6chentlich jeden Dienstag Abend von 18:30 Uhr bis 21:00 Uhr im Ger\u00e4tehaus am Falkenweg statt.<\/p>\n","protected":false},"excerpt":{"rendered":"<p>Der L\u00f6schzug Berzdorf wurde im Jahre 1901 gegr\u00fcndet und geh\u00f6rte zu dieser Zeit zum Gemeindeamt Br\u00fchl. Der Ortsteil Berzdorf wurde dann 1961 nach Wesseling eingemeindet. Insgesamt verf\u00fcgt der L\u00f6schzug Berzdorf &#8230; <a title=\"L\u00f6schzug Berzdorf\" class=\"read-more\" href=\"https:\/\/feuerwehr-wesseling.de\/?page_id=52\" aria-label=\"Mehr Informationen \u00fcber L\u00f6schzug Berzdorf\">Weiterlesen<\/a><\/p>\n","protected":false},"author":1,"featured_media":0,"parent":0,"menu_order":1,"comment_status":"closed","ping_status":"closed","template":"","meta":{"_price":"","_stock":"","_tribe_ticket_header":"","_tribe_default_ticket_provider":"","_ticket_start_date":"","_ticket_end_date":"","_tribe_ticket_show_description":"","_tribe_ticket_show_not_going":false,"_tribe_ticket_use_global_stock":"","_tribe_ticket_global_stock_level":"","_global_stock_mode":"","_global_stock_cap":"","_tribe_rsvp_for_event":"","_tribe_ticket_going_count":"","_tribe_ticket_not_going_count":"","_tribe_tickets_list":"[]","_tribe_ticket_has_attendee_info_fields":false,"footnotes":"","_tec_slr_enabled":"","_tec_slr_layout":""},"categories":[9],"tags":[],"class_list":["post-52","page","type-page","status-publish","category-allgemein"],"ticketed":false,"_links":{"self":[{"href":"https:\/\/feuerwehr-wesseling.de\/index.php?rest_route=\/wp\/v2\/pages\/52","targetHints":{"allow":["GET"]}}],"collection":[{"href":"https:\/\/feuerwehr-wesseling.de\/index.php?rest_route=\/wp\/v2\/pages"}],"about":[{"href":"https:\/\/feuerwehr-wesseling.de\/index.php?rest_route=\/wp\/v2\/types\/page"}],"author":[{"embeddable":true,"href":"https:\/\/feuerwehr-wesseling.de\/index.php?rest_route=\/wp\/v2\/users\/1"}],"replies":[{"embeddable":true,"href":"https:\/\/feuerwehr-wesseling.de\/index.php?rest_route=%2Fwp%2Fv2%2Fcomments&post=52"}],"version-history":[{"count":3,"href":"https:\/\/feuerwehr-wesseling.de\/index.php?rest_route=\/wp\/v2\/pages\/52\/revisions"}],"predecessor-version":[{"id":2223,"href":"https:\/\/feuerwehr-wesseling.de\/index.php?rest_route=\/wp\/v2\/pages\/52\/revisions\/2223"}],"wp:attachment":[{"href":"https:\/\/feuerwehr-wesseling.de\/index.php?rest_route=%2Fwp%2Fv2%2Fmedia&parent=52"}],"wp:term":[{"taxonomy":"category","embeddable":true,"href":"https:\/\/feuerwehr-wesseling.de\/index.php?rest_route=%2Fwp%2Fv2%2Fcategories&post=52"},{"taxonomy":"post_tag","embeddable":true,"href":"https:\/\/feuerwehr-wesseling.de\/index.php?rest_route=%2Fwp%2Fv2%2Ftags&post=52"}],"curies":[{"name":"wp","href":"https:\/\/api.w.org\/{rel}","templated":true}]}}